{"id":2,"date":"2013-10-15T12:28:06","date_gmt":"2013-10-15T10:28:06","guid":{"rendered":"http:\/\/www.halvhalt.org\/?page_id=2"},"modified":"2013-12-22T19:09:59","modified_gmt":"2013-12-22T18:09:59","slug":"om-oss","status":"publish","type":"page","link":"https:\/\/www.halvhalt.org\/?page_id=2","title":{"rendered":"Ther\u00e9se &#038; Torkel"},"content":{"rendered":"<p>&nbsp;<\/p>\n<p><strong><strong><a href=\"http:\/\/www.halvhalt.org\/wp-content\/uploads\/2013\/10\/therese.jpg\"><img loading=\"lazy\" decoding=\"async\" class=\"alignleft\" title=\"Therese\" alt=\"\" src=\"http:\/\/www.halvhalt.org\/wp-content\/uploads\/2013\/10\/therese.jpg\" width=\"190\" height=\"190\" \/><\/a><\/strong>Ther\u00e9se Birnstingl\u00a0<\/strong>\u00e4r bland annat samtalsterapeut och personalvetare. Hon jobbar som aff\u00e4rskonsult och ledarutvecklare p\u00e5 IHM Business School samt som tr\u00e4ningsinstrukt\u00f6r p\u00e5 SATS. Ther\u00e9se \u00e4r 41 \u00e5r, enbarnsmor och har sedan ett drygt \u00e5r l\u00e4mnat en 30-\u00e5rig relation med bulimi bakom sig.\u00a0Sedan maj 2013 har hon diagnosen ADHD.<\/p>\n<p>&nbsp;<\/p>\n<p>&nbsp;<\/p>\n<p><a href=\"http:\/\/www.halvhalt.org\/wp-content\/uploads\/2013\/10\/torkelbw.jpg\"><img loading=\"lazy\" decoding=\"async\" class=\"alignleft size-full wp-image-155\" alt=\"torkelbw\" src=\"http:\/\/www.halvhalt.org\/wp-content\/uploads\/2013\/10\/torkelbw.jpg\" width=\"190\" height=\"190\" srcset=\"https:\/\/www.halvhalt.org\/wp-content\/uploads\/2013\/10\/torkelbw.jpg 190w, https:\/\/www.halvhalt.org\/wp-content\/uploads\/2013\/10\/torkelbw-150x150.jpg 150w\" sizes=\"(max-width: 190px) 100vw, 190px\" \/><\/a><strong>Torkel Nyberg<\/strong> \u00e4r civilingenj\u00f6r med \u00f6ver 20 \u00e5rs erfarenhet som konsult och av eget f\u00f6retagande i IT- och Internetbranschen. Idag utvecklar han algoritmer f\u00f6r kapitalf\u00f6rvaltning samtidigt som han f\u00f6ljer utvecklingen inom det framv\u00e4xande LENR-omr\u00e5det. Torkel \u00e4r 46 \u00e5r, trebarnsfar och har sedan 2002 diagnosen Aspergers syndrom samt sedan 2013 \u00e4ven ADD.<\/p>\n<p>&nbsp;<\/p>\n<p><a href=\"http:\/\/www.halvhalt.org\/wp-content\/uploads\/2013\/10\/TT3.jpg\"><img loading=\"lazy\" decoding=\"async\" class=\"alignleft\" title=\"TT3\" alt=\"\" src=\"http:\/\/www.halvhalt.org\/wp-content\/uploads\/2013\/10\/TT3-150x150.jpg\" width=\"190\" height=\"190\" \/><\/a>Tillsammans under mindre ordnade former &#8230;<\/p>\n<div><\/div>\n","protected":false},"excerpt":{"rendered":"<p>&nbsp; Ther\u00e9se Birnstingl\u00a0\u00e4r bland annat samtalsterapeut och personalvetare. Hon jobbar som aff\u00e4rskonsult och ledarutvecklare p\u00e5 IHM Business School samt som tr\u00e4ningsinstrukt\u00f6r p\u00e5 SATS. Ther\u00e9se \u00e4r 41 \u00e5r, enbarnsmor och har sedan ett drygt \u00e5r l\u00e4mnat en 30-\u00e5rig relation med bulimi &hellip; <a href=\"https:\/\/www.halvhalt.org\/?page_id=2\">Forts\u00e4tt l\u00e4sa <span class=\"meta-nav\">&rarr;<\/span><\/a><\/p>\n","protected":false},"author":1,"featured_media":0,"parent":0,"menu_order":9,"comment_status":"open","ping_status":"closed","template":"","meta":{"footnotes":""},"_links":{"self":[{"href":"https:\/\/www.halvhalt.org\/index.php?rest_route=\/wp\/v2\/pages\/2"}],"collection":[{"href":"https:\/\/www.halvhalt.org\/index.php?rest_route=\/wp\/v2\/pages"}],"about":[{"href":"https:\/\/www.halvhalt.org\/index.php?rest_route=\/wp\/v2\/types\/page"}],"author":[{"embeddable":true,"href":"https:\/\/www.halvhalt.org\/index.php?rest_route=\/wp\/v2\/users\/1"}],"replies":[{"embeddable":true,"href":"https:\/\/www.halvhalt.org\/index.php?rest_route=%2Fwp%2Fv2%2Fcomments&post=2"}],"version-history":[{"count":14,"href":"https:\/\/www.halvhalt.org\/index.php?rest_route=\/wp\/v2\/pages\/2\/revisions"}],"predecessor-version":[{"id":173,"href":"https:\/\/www.halvhalt.org\/index.php?rest_route=\/wp\/v2\/pages\/2\/revisions\/173"}],"wp:attachment":[{"href":"https:\/\/www.halvhalt.org\/index.php?rest_route=%2Fwp%2Fv2%2Fmedia&parent=2"}],"curies":[{"name":"wp","href":"https:\/\/api.w.org\/{rel}","templated":true}]}}